{"id":28939,"date":"2023-03-03T13:41:22","date_gmt":"2023-03-03T12:41:22","guid":{"rendered":"https:\/\/domainepourtales.ch\/?page_id=28939"},"modified":"2024-02-01T15:34:14","modified_gmt":"2024-02-01T14:34:14","slug":"le-vignoble","status":"publish","type":"page","link":"https:\/\/domainepourtales.ch\/it\/le-vignoble\/","title":{"rendered":"Il vigneto"},"content":{"rendered":"\n[et_pb_section fb_built=\u00a0\u00bb1&Prime; module_id=\u00a0\u00bbDomaine\u00a0\u00bb _builder_version=\u00a0\u00bb4.20.2&Prime; _module_preset=\u00a0\u00bbdefault\u00a0\u00bb background_color=\u00a0\u00bb#202020&Prime; background_image=\u00a0\u00bbhttps:\/\/domainepourtales.ch\/wp-content\/uploads\/2023\/03\/Domaine-Hopital-Pourtales-Photos-YETINC.ch-7-1.jpg\u00a0\u00bb background_blend=\u00a0\u00bboverlay\u00a0\u00bb custom_margin=\u00a0\u00bb||||false|false\u00a0\u00bb custom_padding=\u00a0\u00bb3vh||0vh||false|false\u00a0\u00bb bottom_divider_height=\u00a0\u00bb13px\u00a0\u00bb global_colors_info=\u00a0\u00bb{}\u00a0\u00bb][et_pb_row module_id=\u00a0\u00bbLeVignoble\u00a0\u00bb _builder_version=\u00a0\u00bb4.20.4&Prime; _module_preset=\u00a0\u00bbdefault\u00a0\u00bb max_width=\u00a0\u00bb2560px\u00a0\u00bb custom_margin=\u00a0\u00bb21vh|auto|26vh|auto|false|false\u00a0\u00bb hover_enabled=\u00a0\u00bb0&Prime; global_colors_info=\u00a0\u00bb{}\u00a0\u00bb sticky_enabled=\u00a0\u00bb0&Prime;][et_pb_column type=\u00a0\u00bb4_4&Prime; _builder_version=\u00a0\u00bb4.20.0&Prime; _module_preset=\u00a0\u00bbdefault\u00a0\u00bb global_colors_info=\u00a0\u00bb{}\u00a0\u00bb][et_pb_text _builder_version=\u00a0\u00bb4.20.2&Prime; _module_preset=\u00a0\u00bbdefault\u00a0\u00bb text_font=\u00a0\u00bbPlayfair Display||||||||\u00a0\u00bb text_text_color=\u00a0\u00bb#ee7674&Prime; text_font_size=\u00a0\u00bb55px\u00a0\u00bb text_line_height=\u00a0\u00bb1em\u00a0\u00bb header_font=\u00a0\u00bbPlayfair Display||||||||\u00a0\u00bb header_text_color=\u00a0\u00bb#FFFFFF\u00a0\u00bb header_font_size=\u00a0\u00bb85px\u00a0\u00bb global_colors_info=\u00a0\u00bb{}\u00a0\u00bb]<h1>Le vignoble<\/h1>\n<strong>Certifi\u00e9 BIO Suisse<\/strong>[\/et_pb_text][\/et_pb_column][\/et_pb_row][et_pb_row _builder_version=\u00a0\u00bb4.20.0&Prime; _module_preset=\u00a0\u00bbdefault\u00a0\u00bb custom_margin=\u00a0\u00bb-100px||||false|false\u00a0\u00bb custom_padding=\u00a0\u00bb0px||0px||false|false\u00a0\u00bb global_colors_info=\u00a0\u00bb{}\u00a0\u00bb][et_pb_column type=\u00a0\u00bb4_4&Prime; _builder_version=\u00a0\u00bb4.20.0&Prime; _module_preset=\u00a0\u00bbdefault\u00a0\u00bb global_colors_info=\u00a0\u00bb{}\u00a0\u00bb][et_pb_icon font_icon=\u00a0\u00bb&#x33;||divi||400&Prime; icon_color=\u00a0\u00bb#FFFFFF\u00a0\u00bb icon_width=\u00a0\u00bb70px\u00a0\u00bb url=\u00a0\u00bb#Expose\u00a0\u00bb _builder_version=\u00a0\u00bb4.20.4&Prime; _module_preset=\u00a0\u00bbdefault\u00a0\u00bb global_colors_info=\u00a0\u00bb{}\u00a0\u00bb][\/et_pb_icon][\/et_pb_column][\/et_pb_row][\/et_pb_section][et_pb_section fb_built=\u00a0\u00bb1&Prime; next_background_color=\u00a0\u00bb#ae9a63&Prime; _builder_version=\u00a0\u00bb4.20.4&Prime; background_color=\u00a0\u00bb#202020&Prime; custom_padding=\u00a0\u00bb0px||||false|false\u00a0\u00bb bottom_divider_style=\u00a0\u00bbslant\u00a0\u00bb global_colors_info=\u00a0\u00bb{}\u00a0\u00bb][et_pb_row _builder_version=\u00a0\u00bb4.20.4&Prime; _module_preset=\u00a0\u00bbdefault\u00a0\u00bb custom_padding=\u00a0\u00bb0px||0px||false|false\u00a0\u00bb global_colors_info=\u00a0\u00bb{}\u00a0\u00bb][et_pb_column type=\u00a0\u00bb4_4&Prime; _builder_version=\u00a0\u00bb4.20.4&Prime; _module_preset=\u00a0\u00bbdefault\u00a0\u00bb global_colors_info=\u00a0\u00bb{}\u00a0\u00bb][et_pb_icon font_icon=\u00a0\u00bb&#x32;||divi||400&Prime; icon_color=\u00a0\u00bb#FFFFFF\u00a0\u00bb icon_width=\u00a0\u00bb70px\u00a0\u00bb url=\u00a0\u00bb#LeVignoble\u00a0\u00bb _builder_version=\u00a0\u00bb4.20.4&Prime; _module_preset=\u00a0\u00bbdefault\u00a0\u00bb global_colors_info=\u00a0\u00bb{}\u00a0\u00bb][\/et_pb_icon][\/et_pb_column][\/et_pb_row][et_pb_row module_id=\u00a0\u00bbExpose\u00a0\u00bb _builder_version=\u00a0\u00bb4.20.4&Prime; background_size=\u00a0\u00bbinitial\u00a0\u00bb background_position=\u00a0\u00bbtop_left\u00a0\u00bb background_repeat=\u00a0\u00bbrepeat\u00a0\u00bb custom_margin=\u00a0\u00bb12vh||12vh||true|false\u00a0\u00bb hover_enabled=\u00a0\u00bb0&Prime; global_colors_info=\u00a0\u00bb{}\u00a0\u00bb max_width=\u00a0\u00bb2560px\u00a0\u00bb sticky_enabled=\u00a0\u00bb0&Prime;][et_pb_column type=\u00a0\u00bb4_4&Prime; _builder_version=\u00a0\u00bb4.16&Prime; custom_padding=\u00a0\u00bb|||\u00a0\u00bb global_colors_info=\u00a0\u00bb{}\u00a0\u00bb custom_padding__hover=\u00a0\u00bb|||\u00a0\u00bb][et_pb_text _builder_version=\u00a0\u00bb4.20.2&Prime; text_font=\u00a0\u00bbMontserrat||||||||\u00a0\u00bb text_text_color=\u00a0\u00bb#FFFFFF\u00a0\u00bb text_font_size=\u00a0\u00bb18px\u00a0\u00bb header_2_font=\u00a0\u00bbMontserrat||||||||\u00a0\u00bb header_2_text_color=\u00a0\u00bb#FFFFFF\u00a0\u00bb background_size=\u00a0\u00bbinitial\u00a0\u00bb background_position=\u00a0\u00bbtop_left\u00a0\u00bb background_repeat=\u00a0\u00bbrepeat\u00a0\u00bb global_colors_info=\u00a0\u00bb{}\u00a0\u00bb]<p><!-- divi:heading --><\/p>\n<p><!-- divi:paragraph -->Expos\u00e9 en terrasses et quasiment d\u2019un seul tenant, le vignoble de l\u2019H\u00f4pital Pourtal\u00e8s s\u2019\u00e9tend sur 12 hectares dans la r\u00e9gion de l\u2019Entre-deux-Lacs.\u00a0L\u2019entier du vignoble est labellis\u00e9 bio depuis le 01.01.2021.<\/p>\n<p><!-- divi:paragraph -->Privil\u00e9gi\u00e9 par son exposition en creux, qui le met \u00e0 l\u2019abri des vents dominants, et par un ensoleillement tr\u00e8s favorable, ce coin de terre b\u00e9n\u00e9ficie des composantes optimales pour produire des vins expressifs tant en blanc qu\u2019en rouge.<\/p>\n<p>&nbsp;<\/p>\n<p><!-- \/divi:paragraph --><\/p>[\/et_pb_text][\/et_pb_column][\/et_pb_row][et_pb_row _builder_version=\u00a0\u00bb4.20.4&Prime; _module_preset=\u00a0\u00bbdefault\u00a0\u00bb global_colors_info=\u00a0\u00bb{}\u00a0\u00bb][et_pb_column type=\u00a0\u00bb4_4&Prime; _builder_version=\u00a0\u00bb4.20.4&Prime; _module_preset=\u00a0\u00bbdefault\u00a0\u00bb global_colors_info=\u00a0\u00bb{}\u00a0\u00bb][et_pb_icon font_icon=\u00a0\u00bb&#x33;||divi||400&Prime; icon_color=\u00a0\u00bb#FFFFFF\u00a0\u00bb icon_width=\u00a0\u00bb70px\u00a0\u00bb url=\u00a0\u00bb#LesCepages\u00a0\u00bb _builder_version=\u00a0\u00bb4.20.4&Prime; _module_preset=\u00a0\u00bbdefault\u00a0\u00bb global_colors_info=\u00a0\u00bb{}\u00a0\u00bb][\/et_pb_icon][\/et_pb_column][\/et_pb_row][\/et_pb_section][et_pb_section fb_built=\u00a0\u00bb1&Prime; _builder_version=\u00a0\u00bb4.20.4&Prime; background_color=\u00a0\u00bb#ae9a63&Prime; custom_padding=\u00a0\u00bb0px||||false|false\u00a0\u00bb global_colors_info=\u00a0\u00bb{}\u00a0\u00bb][et_pb_row _builder_version=\u00a0\u00bb4.20.4&Prime; _module_preset=\u00a0\u00bbdefault\u00a0\u00bb custom_padding=\u00a0\u00bb0px||0px||false|false\u00a0\u00bb global_colors_info=\u00a0\u00bb{}\u00a0\u00bb][et_pb_column type=\u00a0\u00bb4_4&Prime; _builder_version=\u00a0\u00bb4.20.4&Prime; _module_preset=\u00a0\u00bbdefault\u00a0\u00bb global_colors_info=\u00a0\u00bb{}\u00a0\u00bb][et_pb_icon font_icon=\u00a0\u00bb&#x32;||divi||400&Prime; icon_color=\u00a0\u00bb#FFFFFF\u00a0\u00bb icon_width=\u00a0\u00bb70px\u00a0\u00bb url=\u00a0\u00bb#Expose\u00a0\u00bb _builder_version=\u00a0\u00bb4.20.4&Prime; _module_preset=\u00a0\u00bbdefault\u00a0\u00bb global_colors_info=\u00a0\u00bb{}\u00a0\u00bb][\/et_pb_icon][\/et_pb_column][\/et_pb_row][et_pb_row module_id=\u00a0\u00bbLesCepages\u00a0\u00bb _builder_version=\u00a0\u00bb4.20.4&Prime; background_size=\u00a0\u00bbinitial\u00a0\u00bb background_position=\u00a0\u00bbtop_left\u00a0\u00bb background_repeat=\u00a0\u00bbrepeat\u00a0\u00bb custom_margin=\u00a0\u00bb12vh||12vh||true|false\u00a0\u00bb hover_enabled=\u00a0\u00bb0&Prime; global_colors_info=\u00a0\u00bb{}\u00a0\u00bb max_width=\u00a0\u00bb2560px\u00a0\u00bb sticky_enabled=\u00a0\u00bb0&Prime;][et_pb_column type=\u00a0\u00bb4_4&Prime; _builder_version=\u00a0\u00bb4.16&Prime; custom_padding=\u00a0\u00bb|||\u00a0\u00bb global_colors_info=\u00a0\u00bb{}\u00a0\u00bb custom_padding__hover=\u00a0\u00bb|||\u00a0\u00bb][et_pb_text _builder_version=\u00a0\u00bb4.20.4&Prime; text_font=\u00a0\u00bbMontserrat||||||||\u00a0\u00bb text_text_color=\u00a0\u00bb#FFFFFF\u00a0\u00bb text_font_size=\u00a0\u00bb18px\u00a0\u00bb background_size=\u00a0\u00bbinitial\u00a0\u00bb background_position=\u00a0\u00bbtop_left\u00a0\u00bb background_repeat=\u00a0\u00bbrepeat\u00a0\u00bb global_colors_info=\u00a0\u00bb{}\u00a0\u00bb]<p><!-- divi:heading --><\/p>\n<p><!-- \/divi:paragraph --><\/p>\n<p><!-- divi:paragraph -->Les c\u00e9pages de Chasselas, de Chardonnay et de Pinot noir enfoncent leurs racines dans un sol rocheux pourpre et ocre, riche en \u00e9l\u00e9ments min\u00e9raux et pauvre en mati\u00e8res organiques. La nature argilo-calcaire de ce sol permet aux plantes de donner le meilleur d\u2019elles-m\u00eames avec la complicit\u00e9 du microclimat de l\u2019Entre-deux-Lacs.<\/p>\n<p><!-- \/divi:paragraph --><\/p>\n<p><!-- divi:paragraph -->Au Domaine H\u00f4pital Pourtal\u00e8s, le responsable \u0153nologue et son \u00e9quipe de vignerons travaillent \u00e0 la mise en valeur de ces qualit\u00e9s par leur savoir-faire et leurs soins. Ils s\u2019appuient sur les exp\u00e9riences accumul\u00e9es par les g\u00e9n\u00e9rations pr\u00e9c\u00e9dentes tout en \u00e9tant ouverts aux nouvelles techniques de culture et de vinification.<\/p>\n<p><!-- \/divi:paragraph --><\/p>[\/et_pb_text][\/et_pb_column][\/et_pb_row][\/et_pb_section]\n","protected":false},"excerpt":{"rendered":"<p>Le vignoble Certifi\u00e9 BIO Suisse Expos\u00e9 en terrasses et quasiment d\u2019un seul tenant, le vignoble de l\u2019H\u00f4pital Pourtal\u00e8s s\u2019\u00e9tend sur 12 hectares dans la r\u00e9gion de l\u2019Entre-deux-Lacs.\u00a0L\u2019entier du vignoble est labellis\u00e9 bio depuis le 01.01.2021. Privil\u00e9gi\u00e9 par son exposition en creux, qui le met \u00e0 l\u2019abri des vents dominants, et par un ensoleillement tr\u00e8s favorable, [&hellip;]<\/p>\n","protected":false},"author":1,"featured_media":0,"parent":0,"menu_order":0,"comment_status":"closed","ping_status":"closed","template":"","meta":{"_et_pb_use_builder":"on","_et_pb_old_content":"<!-- wp:heading -->\n<h2 class=\"wp-block-heading\">Un Vignoble certifi\u00e9 BIO Suisse<\/h2>\n<!-- \/wp:heading -->\n\n<!-- wp:paragraph -->\n<p>Expos\u00e9 en terrasses et quasiment d\u2019un seul tenant, le vignoble de l\u2019H\u00f4pital Pourtal\u00e8s s\u2019\u00e9tend sur 12 hectares dans la r\u00e9gion de l\u2019Entre-deux-Lacs.&nbsp;L\u2019entier du vignoble est labellis\u00e9 bio depuis le 01.01.2021.<\/p>\n<!-- \/wp:paragraph -->\n\n<!-- wp:paragraph -->\n<p>Privil\u00e9gi\u00e9 par son exposition en creux, qui le met \u00e0 l\u2019abri des vents dominants, et par un ensoleillement tr\u00e8s favorable, ce coin de terre b\u00e9n\u00e9ficie des composantes optimales pour produire des vins expressifs tant en blanc qu\u2019en rouge.<\/p>\n<!-- \/wp:paragraph -->\n\n<!-- wp:paragraph -->\n<p>Les c\u00e9pages de Chasselas, de Chardonnay et de Pinot noir enfoncent leurs racines dans un sol rocheux pourpre et ocre, riche en \u00e9l\u00e9ments min\u00e9raux et pauvre en mati\u00e8res organiques. La nature argilo-calcaire de ce sol permet aux plantes de donner le meilleur d\u2019elles-m\u00eames avec la complicit\u00e9 du microclimat de l\u2019Entre-deux-Lacs.<\/p>\n<!-- \/wp:paragraph -->\n\n<!-- wp:paragraph -->\n<p>Au Domaine H\u00f4pital Pourtal\u00e8s, le responsable \u0153nologue et son \u00e9quipe de vignerons travaillent \u00e0 la mise en valeur de ces qualit\u00e9s par leur savoir-faire et leurs soins. Ils s\u2019appuient sur les exp\u00e9riences accumul\u00e9es par les g\u00e9n\u00e9rations pr\u00e9c\u00e9dentes tout en \u00e9tant ouverts aux nouvelles techniques de culture et de vinification.<\/p>\n<!-- \/wp:paragraph -->","_et_gb_content_width":"","footnotes":""},"class_list":["post-28939","page","type-page","status-publish","hentry"],"yoast_head":"<!-- This site is optimized with the Yoast SEO plugin v27.5 - https:\/\/yoast.com\/product\/yoast-seo-wordpress\/ -->\n<title>Le Vignoble - Domaine H\u00f4pital Pourtal\u00e8s<\/title>\n<meta name=\"description\" content=\"Expos\u00e9 en terrasses et quasiment d\u2019un seul tenant, le vignoble de l\u2019H\u00f4pital Pourtal\u00e8s s\u2019\u00e9tend sur 12 hectares dans la r\u00e9gion de l\u2019Entre-deux-Lacs. L\u2019entier du vignoble est labellis\u00e9 bio depuis le 01.01.2021\" \/>\n<meta name=\"robots\" content=\"index, follow, max-snippet:-1, max-image-preview:large, max-video-preview:-1\" \/>\n<link rel=\"canonical\" href=\"https:\/\/domainepourtales.ch\/it\/le-vignoble\/\" \/>\n<meta property=\"og:locale\" content=\"it_IT\" \/>\n<meta property=\"og:type\" content=\"article\" \/>\n<meta property=\"og:title\" content=\"Le Vignoble - Domaine H\u00f4pital Pourtal\u00e8s\" \/>\n<meta property=\"og:description\" content=\"Expos\u00e9 en terrasses et quasiment d\u2019un seul tenant, le vignoble de l\u2019H\u00f4pital Pourtal\u00e8s s\u2019\u00e9tend sur 12 hectares dans la r\u00e9gion de l\u2019Entre-deux-Lacs. L\u2019entier du vignoble est labellis\u00e9 bio depuis le 01.01.2021\" \/>\n<meta property=\"og:url\" content=\"https:\/\/domainepourtales.ch\/it\/le-vignoble\/\" \/>\n<meta property=\"og:site_name\" content=\"Domaine H\u00f4pital Pourtal\u00e8s\" \/>\n<meta property=\"article:modified_time\" content=\"2024-02-01T14:34:14+00:00\" \/>\n<meta name=\"twitter:card\" content=\"summary_large_image\" \/>\n<meta name=\"twitter:label1\" content=\"Tempo di lettura stimato\" \/>\n\t<meta name=\"twitter:data1\" content=\"2 minuti\" \/>\n<script type=\"application\/ld+json\" class=\"yoast-schema-graph\">{\"@context\":\"https:\\\/\\\/schema.org\",\"@graph\":[{\"@type\":\"WebPage\",\"@id\":\"https:\\\/\\\/domainepourtales.ch\\\/le-vignoble\\\/\",\"url\":\"https:\\\/\\\/domainepourtales.ch\\\/le-vignoble\\\/\",\"name\":\"Le Vignoble - Domaine H\u00f4pital Pourtal\u00e8s\",\"isPartOf\":{\"@id\":\"https:\\\/\\\/domainepourtales.ch\\\/#website\"},\"datePublished\":\"2023-03-03T12:41:22+00:00\",\"dateModified\":\"2024-02-01T14:34:14+00:00\",\"description\":\"Expos\u00e9 en terrasses et quasiment d\u2019un seul tenant, le vignoble de l\u2019H\u00f4pital Pourtal\u00e8s s\u2019\u00e9tend sur 12 hectares dans la r\u00e9gion de l\u2019Entre-deux-Lacs. L\u2019entier du vignoble est labellis\u00e9 bio depuis le 01.01.2021\",\"breadcrumb\":{\"@id\":\"https:\\\/\\\/domainepourtales.ch\\\/le-vignoble\\\/#breadcrumb\"},\"inLanguage\":\"it-IT\",\"potentialAction\":[{\"@type\":\"ReadAction\",\"target\":[\"https:\\\/\\\/domainepourtales.ch\\\/le-vignoble\\\/\"]}]},{\"@type\":\"BreadcrumbList\",\"@id\":\"https:\\\/\\\/domainepourtales.ch\\\/le-vignoble\\\/#breadcrumb\",\"itemListElement\":[{\"@type\":\"ListItem\",\"position\":1,\"name\":\"Accueil\",\"item\":\"https:\\\/\\\/domainepourtales.ch\\\/\"},{\"@type\":\"ListItem\",\"position\":2,\"name\":\"Le Vignoble\"}]},{\"@type\":\"WebSite\",\"@id\":\"https:\\\/\\\/domainepourtales.ch\\\/#website\",\"url\":\"https:\\\/\\\/domainepourtales.ch\\\/\",\"name\":\"Domaine H\u00f4pital Pourtal\u00e8s\",\"description\":\"Nos vins, pour le bien-\u00eatre des patients\",\"potentialAction\":[{\"@type\":\"SearchAction\",\"target\":{\"@type\":\"EntryPoint\",\"urlTemplate\":\"https:\\\/\\\/domainepourtales.ch\\\/?s={search_term_string}\"},\"query-input\":{\"@type\":\"PropertyValueSpecification\",\"valueRequired\":true,\"valueName\":\"search_term_string\"}}],\"inLanguage\":\"it-IT\"}]}<\/script>\n<!-- \/ Yoast SEO plugin. -->","yoast_head_json":{"title":"Le Vignoble - Domaine H\u00f4pital Pourtal\u00e8s","description":"Expos\u00e9 en terrasses et quasiment d\u2019un seul tenant, le vignoble de l\u2019H\u00f4pital Pourtal\u00e8s s\u2019\u00e9tend sur 12 hectares dans la r\u00e9gion de l\u2019Entre-deux-Lacs. L\u2019entier du vignoble est labellis\u00e9 bio depuis le 01.01.2021","robots":{"index":"index","follow":"follow","max-snippet":"max-snippet:-1","max-image-preview":"max-image-preview:large","max-video-preview":"max-video-preview:-1"},"canonical":"https:\/\/domainepourtales.ch\/it\/le-vignoble\/","og_locale":"it_IT","og_type":"article","og_title":"Le Vignoble - Domaine H\u00f4pital Pourtal\u00e8s","og_description":"Expos\u00e9 en terrasses et quasiment d\u2019un seul tenant, le vignoble de l\u2019H\u00f4pital Pourtal\u00e8s s\u2019\u00e9tend sur 12 hectares dans la r\u00e9gion de l\u2019Entre-deux-Lacs. L\u2019entier du vignoble est labellis\u00e9 bio depuis le 01.01.2021","og_url":"https:\/\/domainepourtales.ch\/it\/le-vignoble\/","og_site_name":"Domaine H\u00f4pital Pourtal\u00e8s","article_modified_time":"2024-02-01T14:34:14+00:00","twitter_card":"summary_large_image","twitter_misc":{"Tempo di lettura stimato":"2 minuti"},"schema":{"@context":"https:\/\/schema.org","@graph":[{"@type":"WebPage","@id":"https:\/\/domainepourtales.ch\/le-vignoble\/","url":"https:\/\/domainepourtales.ch\/le-vignoble\/","name":"Le Vignoble - Domaine H\u00f4pital Pourtal\u00e8s","isPartOf":{"@id":"https:\/\/domainepourtales.ch\/#website"},"datePublished":"2023-03-03T12:41:22+00:00","dateModified":"2024-02-01T14:34:14+00:00","description":"Expos\u00e9 en terrasses et quasiment d\u2019un seul tenant, le vignoble de l\u2019H\u00f4pital Pourtal\u00e8s s\u2019\u00e9tend sur 12 hectares dans la r\u00e9gion de l\u2019Entre-deux-Lacs. L\u2019entier du vignoble est labellis\u00e9 bio depuis le 01.01.2021","breadcrumb":{"@id":"https:\/\/domainepourtales.ch\/le-vignoble\/#breadcrumb"},"inLanguage":"it-IT","potentialAction":[{"@type":"ReadAction","target":["https:\/\/domainepourtales.ch\/le-vignoble\/"]}]},{"@type":"BreadcrumbList","@id":"https:\/\/domainepourtales.ch\/le-vignoble\/#breadcrumb","itemListElement":[{"@type":"ListItem","position":1,"name":"Accueil","item":"https:\/\/domainepourtales.ch\/"},{"@type":"ListItem","position":2,"name":"Le Vignoble"}]},{"@type":"WebSite","@id":"https:\/\/domainepourtales.ch\/#website","url":"https:\/\/domainepourtales.ch\/","name":"Domaine H\u00f4pital Pourtal\u00e8s","description":"I nostri vini, per il benessere dei pazienti","potentialAction":[{"@type":"SearchAction","target":{"@type":"EntryPoint","urlTemplate":"https:\/\/domainepourtales.ch\/?s={search_term_string}"},"query-input":{"@type":"PropertyValueSpecification","valueRequired":true,"valueName":"search_term_string"}}],"inLanguage":"it-IT"}]}},"_links":{"self":[{"href":"https:\/\/domainepourtales.ch\/it\/wp-json\/wp\/v2\/pages\/28939","targetHints":{"allow":["GET"]}}],"collection":[{"href":"https:\/\/domainepourtales.ch\/it\/wp-json\/wp\/v2\/pages"}],"about":[{"href":"https:\/\/domainepourtales.ch\/it\/wp-json\/wp\/v2\/types\/page"}],"author":[{"embeddable":true,"href":"https:\/\/domainepourtales.ch\/it\/wp-json\/wp\/v2\/users\/1"}],"replies":[{"embeddable":true,"href":"https:\/\/domainepourtales.ch\/it\/wp-json\/wp\/v2\/comments?post=28939"}],"version-history":[{"count":0,"href":"https:\/\/domainepourtales.ch\/it\/wp-json\/wp\/v2\/pages\/28939\/revisions"}],"wp:attachment":[{"href":"https:\/\/domainepourtales.ch\/it\/wp-json\/wp\/v2\/media?parent=28939"}],"curies":[{"name":"wp","href":"https:\/\/api.w.org\/{rel}","templated":true}]}}