{"id":33551,"date":"2024-11-20T15:30:39","date_gmt":"2024-11-20T14:30:39","guid":{"rendered":"https:\/\/domainepourtales.ch\/?post_type=product&#038;p=33551"},"modified":"2025-07-14T17:32:51","modified_gmt":"2025-07-14T15:32:51","slug":"les-perles-dor-50cl","status":"publish","type":"product","link":"https:\/\/domainepourtales.ch\/de\/produkt\/les-perles-dor-50cl\/","title":{"rendered":"Les Perles d'Or 2023 - 50cl"},"content":{"rendered":"<p>Culture et production :<br \/>\nDie Weinberge haben eine der bestm\u00f6glichen Sonneneinstrahlungen und werden nach biologischen Methoden bearbeitet. Der Ertrag schwankt zwischen 700 und 900 gr\/m2.<\/p>\n<p>Vinification :<br \/>\nDieser Chasselas von alten Rebst\u00f6cken (Durchschnittsalter 60 Jahre) g\u00e4rte 1,5 Monate lang bei niedriger Temperatur (zwischen 10 und 12 \u00b0C). Keine malolaktische G\u00e4rung, kurze Mazeration von 4 Stunden bei der Pressung. Mit einer l\u00e4ngeren als normalen Reifung in einem 2800lt-Gef\u00e4\u00df (Abf\u00fcllung im Juli).<\/p>\n<p>Accord mets et vins :<br \/>\nEr passt sehr gut zu Fischgerichten bei Festessen. <\/p>\n<p>D\u00e9tails techniques :<br \/>\nWird zum gr\u00f6\u00dften Teil in F\u00e4ssern und auf Feinhefe ausgebaut. Enth\u00e4lt Sulfite.<\/p>\n<p>Commentaire d\u2019Yves Beck :<br \/>\nDas Bouquet ist elegant, blumig mit Nuancen von Akazienbl\u00fcten. Lecker und harmonisch, der Wein ist frisch, durstl\u00f6schend und speicheltreibend. Ein Wein, den Sie in aller Ruhe ab 11.00 Uhr genie\u00dfen k\u00f6nnen!<\/p>\n<p>Distinctions :<br \/>\n\u2b502025- S\u00e9lection cantonale neuch\u00e2teloise - Prix Excellence, bester Chasselas des Wettbewerbs - Jahrgang 2023<\/p>","protected":false},"excerpt":{"rendered":"<p>Das Bouquet ist sehr klar, lesbar, pr\u00e4zise und entspricht dem Gesamtbild der Weine von Lo\u00efc Veillard. Harmonie ist der rote Faden des Bouquets, mit einer sch\u00f6nen F\u00e4higkeit der verschiedenen Komponenten, sich zu erg\u00e4nzen. Im Mund profitiert der Wein von der Dynamik, die ihm die Apfels\u00e4ure verleiht. Er hat Temperament, aber auch eine gewisse F\u00fclle und positioniert sich als ein Wein, den man zu einem Essen genie\u00dfen kann, zum Beispiel zu Fisch aus dem Neuenburgersee. <\/p>","protected":false},"featured_media":35097,"comment_status":"open","ping_status":"closed","template":"","meta":{"_et_pb_use_builder":"off","_et_pb_old_content":"Culture et production : \r\nLes vignes poss\u00e8dent l'un des meilleurs ensoleillements possibles et sont travaill\u00e9es en m\u00e9thode biologique. La production varie entre 700 et 900gr\/m2.\r\n\r\nVinification :\r\nCe Chasselas de vieilles vignes (\u00e2ge moyen de 60 ans) a ferment\u00e9 pendant 1,5 mois \u00e0 basse temp\u00e9rature (entre 10 et 12\u00b0C). Pas de fermentation malolactique, mac\u00e9ration courte de 4 heures lors du pressurage. Avec un \u00e9levage en Vase de 2800lt  plus long que normal (mis en bouteille au mois de juillet).\r\n\r\nAccord mets et vins :\r\nIl accompagnera tr\u00e8s bien vos poissons lors des repas de f\u00eates. \r\n\r\nD\u00e9tails techniques :\r\n\u00c9lever \u00e0 grande majorit\u00e9 dans des foudres et sur fines lies.\r\n\r\nCommentaire d'Yves Beck :\r\nLe bouquet est \u00e9l\u00e9gant, floral, avec des nuances de fleurs d'acacia. Friand et harmonieux, le vin est frais, d\u00e9salt\u00e9rant et salivant. Un vin \u00e0 savourer en toute qui\u00e9tude, d\u00e8s 11h00 !\r\n\r\nDistinctions :\r\n-","_et_gb_content_width":""},"product_brand":[],"product_cat":[79,73],"product_tag":[],"class_list":{"0":"post-33551","1":"product","2":"type-product","3":"status-publish","4":"has-post-thumbnail","6":"product_cat-50cl","7":"product_cat-chasselas","8":"pa_appellation-aoc-neuchatel","9":"pa_contenance-50cl","10":"pa_elevage-traditionnel","11":"pa_millesime-181","13":"first","14":"instock","15":"taxable","16":"shipping-taxable","17":"purchasable","18":"product-type-simple"},"yoast_head":"<!-- This site is optimized with the Yoast SEO plugin v27.4 - https:\/\/yoast.com\/product\/yoast-seo-wordpress\/ -->\n<title>AOC Neuch\u00e2tel, Chasselas, 2023, 50cl<\/title>\n<meta name=\"description\" content=\"Le bouquet est tr\u00e8s clair, lisible, pr\u00e9cis et correspond \u00e0 l&#039;image globale des vins de Lo\u00efc Veillard. L&#039;harmonie est le fil conducteur du bouquet, avec une belle capacit\u00e9 des diff\u00e9rentes composantes \u00e0 se compl\u00e9ter. En bouche, le vin b\u00e9n\u00e9ficie du dynamisme que lui conf\u00e8re l&#039;acide malique. Il a du temp\u00e9rament mais aussi une certaine ampleur et se positionne comme un vin \u00e0 d\u00e9guster lors d&#039;un repas, par exemple avec des poissons du lac de Neuch\u00e2tel.\" \/>\n<meta name=\"robots\" content=\"index, follow, max-snippet:-1, max-image-preview:large, max-video-preview:-1\" \/>\n<link rel=\"canonical\" href=\"https:\/\/domainepourtales.ch\/de\/produkt\/les-perles-dor-50cl\/\" \/>\n<meta property=\"og:locale\" content=\"de_DE\" \/>\n<meta property=\"og:type\" content=\"article\" \/>\n<meta property=\"og:title\" content=\"AOC Neuch\u00e2tel, Chasselas, 2023, 50cl\" \/>\n<meta property=\"og:description\" content=\"Le bouquet est tr\u00e8s clair, lisible, pr\u00e9cis et correspond \u00e0 l&#039;image globale des vins de Lo\u00efc Veillard. L&#039;harmonie est le fil conducteur du bouquet, avec une belle capacit\u00e9 des diff\u00e9rentes composantes \u00e0 se compl\u00e9ter. En bouche, le vin b\u00e9n\u00e9ficie du dynamisme que lui conf\u00e8re l&#039;acide malique. Il a du temp\u00e9rament mais aussi une certaine ampleur et se positionne comme un vin \u00e0 d\u00e9guster lors d&#039;un repas, par exemple avec des poissons du lac de Neuch\u00e2tel.\" \/>\n<meta property=\"og:url\" content=\"https:\/\/domainepourtales.ch\/de\/produkt\/les-perles-dor-50cl\/\" \/>\n<meta property=\"og:site_name\" content=\"Domaine H\u00f4pital Pourtal\u00e8s\" \/>\n<meta property=\"article:modified_time\" content=\"2025-07-14T15:32:51+00:00\" \/>\n<meta property=\"og:image\" content=\"https:\/\/domainepourtales.ch\/wp-content\/uploads\/2025\/05\/Les-Perles-dOr-50cl.png\" \/>\n\t<meta property=\"og:image:width\" content=\"1080\" \/>\n\t<meta property=\"og:image:height\" content=\"1080\" \/>\n\t<meta property=\"og:image:type\" content=\"image\/png\" \/>\n<meta name=\"twitter:card\" content=\"summary_large_image\" \/>\n<meta name=\"twitter:label1\" content=\"Gesch\u00e4tzte Lesezeit\" \/>\n\t<meta name=\"twitter:data1\" content=\"1\u00a0Minute\" \/>\n<script type=\"application\/ld+json\" class=\"yoast-schema-graph\">{\"@context\":\"https:\\\/\\\/schema.org\",\"@graph\":[{\"@type\":\"WebPage\",\"@id\":\"https:\\\/\\\/domainepourtales.ch\\\/produit\\\/les-perles-dor-50cl\\\/\",\"url\":\"https:\\\/\\\/domainepourtales.ch\\\/produit\\\/les-perles-dor-50cl\\\/\",\"name\":\"AOC Neuch\u00e2tel, Chasselas, 2023, 50cl\",\"isPartOf\":{\"@id\":\"https:\\\/\\\/domainepourtales.ch\\\/#website\"},\"primaryImageOfPage\":{\"@id\":\"https:\\\/\\\/domainepourtales.ch\\\/produit\\\/les-perles-dor-50cl\\\/#primaryimage\"},\"image\":{\"@id\":\"https:\\\/\\\/domainepourtales.ch\\\/produit\\\/les-perles-dor-50cl\\\/#primaryimage\"},\"thumbnailUrl\":\"https:\\\/\\\/domainepourtales.ch\\\/wp-content\\\/uploads\\\/2025\\\/05\\\/Les-Perles-dOr-50cl.png\",\"datePublished\":\"2024-11-20T14:30:39+00:00\",\"dateModified\":\"2025-07-14T15:32:51+00:00\",\"description\":\"Le bouquet est tr\u00e8s clair, lisible, pr\u00e9cis et correspond \u00e0 l'image globale des vins de Lo\u00efc Veillard. L'harmonie est le fil conducteur du bouquet, avec une belle capacit\u00e9 des diff\u00e9rentes composantes \u00e0 se compl\u00e9ter. En bouche, le vin b\u00e9n\u00e9ficie du dynamisme que lui conf\u00e8re l'acide malique. Il a du temp\u00e9rament mais aussi une certaine ampleur et se positionne comme un vin \u00e0 d\u00e9guster lors d'un repas, par exemple avec des poissons du lac de Neuch\u00e2tel.\",\"breadcrumb\":{\"@id\":\"https:\\\/\\\/domainepourtales.ch\\\/produit\\\/les-perles-dor-50cl\\\/#breadcrumb\"},\"inLanguage\":\"de\",\"potentialAction\":[{\"@type\":\"ReadAction\",\"target\":[\"https:\\\/\\\/domainepourtales.ch\\\/produit\\\/les-perles-dor-50cl\\\/\"]}]},{\"@type\":\"ImageObject\",\"inLanguage\":\"de\",\"@id\":\"https:\\\/\\\/domainepourtales.ch\\\/produit\\\/les-perles-dor-50cl\\\/#primaryimage\",\"url\":\"https:\\\/\\\/domainepourtales.ch\\\/wp-content\\\/uploads\\\/2025\\\/05\\\/Les-Perles-dOr-50cl.png\",\"contentUrl\":\"https:\\\/\\\/domainepourtales.ch\\\/wp-content\\\/uploads\\\/2025\\\/05\\\/Les-Perles-dOr-50cl.png\",\"width\":1080,\"height\":1080},{\"@type\":\"BreadcrumbList\",\"@id\":\"https:\\\/\\\/domainepourtales.ch\\\/produit\\\/les-perles-dor-50cl\\\/#breadcrumb\",\"itemListElement\":[{\"@type\":\"ListItem\",\"position\":1,\"name\":\"Accueil\",\"item\":\"https:\\\/\\\/domainepourtales.ch\\\/\"},{\"@type\":\"ListItem\",\"position\":2,\"name\":\"Nos Vins\",\"item\":\"https:\\\/\\\/domainepourtales.ch\\\/nos-vins\\\/\"},{\"@type\":\"ListItem\",\"position\":3,\"name\":\"Les Perles d\u2019Or 2023 &#8211; 50cl\"}]},{\"@type\":\"WebSite\",\"@id\":\"https:\\\/\\\/domainepourtales.ch\\\/#website\",\"url\":\"https:\\\/\\\/domainepourtales.ch\\\/\",\"name\":\"Domaine H\u00f4pital Pourtal\u00e8s\",\"description\":\"Nos vins, pour le bien-\u00eatre des patients\",\"potentialAction\":[{\"@type\":\"SearchAction\",\"target\":{\"@type\":\"EntryPoint\",\"urlTemplate\":\"https:\\\/\\\/domainepourtales.ch\\\/?s={search_term_string}\"},\"query-input\":{\"@type\":\"PropertyValueSpecification\",\"valueRequired\":true,\"valueName\":\"search_term_string\"}}],\"inLanguage\":\"de\"}]}<\/script>\n<!-- \/ Yoast SEO plugin. -->","yoast_head_json":{"title":"AOC Neuch\u00e2tel, Chasselas, 2023, 50cl","description":"Das Bouquet ist sehr klar, lesbar, pr\u00e4zise und entspricht dem Gesamtbild der Weine von Lo\u00efc Veillard. Harmonie ist der rote Faden des Bouquets, mit einer sch\u00f6nen F\u00e4higkeit der verschiedenen Komponenten, sich zu erg\u00e4nzen. Im Mund profitiert der Wein von der Dynamik, die ihm die Apfels\u00e4ure verleiht. Er hat Temperament, aber auch eine gewisse F\u00fclle und positioniert sich als ein Wein, den man zu einem Essen genie\u00dfen kann, zum Beispiel zu Fisch aus dem Neuenburgersee.","robots":{"index":"index","follow":"follow","max-snippet":"max-snippet:-1","max-image-preview":"max-image-preview:large","max-video-preview":"max-video-preview:-1"},"canonical":"https:\/\/domainepourtales.ch\/de\/produkt\/les-perles-dor-50cl\/","og_locale":"de_DE","og_type":"article","og_title":"AOC Neuch\u00e2tel, Chasselas, 2023, 50cl","og_description":"Le bouquet est tr\u00e8s clair, lisible, pr\u00e9cis et correspond \u00e0 l'image globale des vins de Lo\u00efc Veillard. L'harmonie est le fil conducteur du bouquet, avec une belle capacit\u00e9 des diff\u00e9rentes composantes \u00e0 se compl\u00e9ter. En bouche, le vin b\u00e9n\u00e9ficie du dynamisme que lui conf\u00e8re l'acide malique. Il a du temp\u00e9rament mais aussi une certaine ampleur et se positionne comme un vin \u00e0 d\u00e9guster lors d'un repas, par exemple avec des poissons du lac de Neuch\u00e2tel.","og_url":"https:\/\/domainepourtales.ch\/de\/produkt\/les-perles-dor-50cl\/","og_site_name":"Domaine H\u00f4pital Pourtal\u00e8s","article_modified_time":"2025-07-14T15:32:51+00:00","og_image":[{"width":1080,"height":1080,"url":"https:\/\/domainepourtales.ch\/wp-content\/uploads\/2025\/05\/Les-Perles-dOr-50cl.png","type":"image\/png"}],"twitter_card":"summary_large_image","twitter_misc":{"Gesch\u00e4tzte Lesezeit":"1\u00a0Minute"},"schema":{"@context":"https:\/\/schema.org","@graph":[{"@type":"WebPage","@id":"https:\/\/domainepourtales.ch\/produit\/les-perles-dor-50cl\/","url":"https:\/\/domainepourtales.ch\/produit\/les-perles-dor-50cl\/","name":"AOC Neuch\u00e2tel, Chasselas, 2023, 50cl","isPartOf":{"@id":"https:\/\/domainepourtales.ch\/#website"},"primaryImageOfPage":{"@id":"https:\/\/domainepourtales.ch\/produit\/les-perles-dor-50cl\/#primaryimage"},"image":{"@id":"https:\/\/domainepourtales.ch\/produit\/les-perles-dor-50cl\/#primaryimage"},"thumbnailUrl":"https:\/\/domainepourtales.ch\/wp-content\/uploads\/2025\/05\/Les-Perles-dOr-50cl.png","datePublished":"2024-11-20T14:30:39+00:00","dateModified":"2025-07-14T15:32:51+00:00","description":"Das Bouquet ist sehr klar, lesbar, pr\u00e4zise und entspricht dem Gesamtbild der Weine von Lo\u00efc Veillard. Harmonie ist der rote Faden des Bouquets, mit einer sch\u00f6nen F\u00e4higkeit der verschiedenen Komponenten, sich zu erg\u00e4nzen. Im Mund profitiert der Wein von der Dynamik, die ihm die Apfels\u00e4ure verleiht. Er hat Temperament, aber auch eine gewisse F\u00fclle und positioniert sich als ein Wein, den man zu einem Essen genie\u00dfen kann, zum Beispiel zu Fisch aus dem Neuenburgersee.","breadcrumb":{"@id":"https:\/\/domainepourtales.ch\/produit\/les-perles-dor-50cl\/#breadcrumb"},"inLanguage":"de","potentialAction":[{"@type":"ReadAction","target":["https:\/\/domainepourtales.ch\/produit\/les-perles-dor-50cl\/"]}]},{"@type":"ImageObject","inLanguage":"de","@id":"https:\/\/domainepourtales.ch\/produit\/les-perles-dor-50cl\/#primaryimage","url":"https:\/\/domainepourtales.ch\/wp-content\/uploads\/2025\/05\/Les-Perles-dOr-50cl.png","contentUrl":"https:\/\/domainepourtales.ch\/wp-content\/uploads\/2025\/05\/Les-Perles-dOr-50cl.png","width":1080,"height":1080},{"@type":"BreadcrumbList","@id":"https:\/\/domainepourtales.ch\/produit\/les-perles-dor-50cl\/#breadcrumb","itemListElement":[{"@type":"ListItem","position":1,"name":"Accueil","item":"https:\/\/domainepourtales.ch\/"},{"@type":"ListItem","position":2,"name":"Nos Vins","item":"https:\/\/domainepourtales.ch\/nos-vins\/"},{"@type":"ListItem","position":3,"name":"Les Perles d\u2019Or 2023 &#8211; 50cl"}]},{"@type":"WebSite","@id":"https:\/\/domainepourtales.ch\/#website","url":"https:\/\/domainepourtales.ch\/","name":"Domaine H\u00f4pital Pourtal\u00e8s","description":"Unsere Weine, f\u00fcr das Wohlbefinden der Patienten","potentialAction":[{"@type":"SearchAction","target":{"@type":"EntryPoint","urlTemplate":"https:\/\/domainepourtales.ch\/?s={search_term_string}"},"query-input":{"@type":"PropertyValueSpecification","valueRequired":true,"valueName":"search_term_string"}}],"inLanguage":"de"}]}},"thumbnail":"https:\/\/domainepourtales.ch\/wp-content\/uploads\/2025\/05\/Les-Perles-dOr-50cl.png","price_html":"<span class=\"woocommerce-Price-amount amount\"><bdi>12.00&nbsp;<span class=\"woocommerce-Price-currencySymbol\">&#67;&#72;&#70;<\/span><\/bdi><\/span>","on_sale":false,"stock_status":"instock","rating_html":"","rating_count":0,"_links":{"self":[{"href":"https:\/\/domainepourtales.ch\/de\/wp-json\/wp\/v2\/product\/33551","targetHints":{"allow":["GET"]}}],"collection":[{"href":"https:\/\/domainepourtales.ch\/de\/wp-json\/wp\/v2\/product"}],"about":[{"href":"https:\/\/domainepourtales.ch\/de\/wp-json\/wp\/v2\/types\/product"}],"replies":[{"embeddable":true,"href":"https:\/\/domainepourtales.ch\/de\/wp-json\/wp\/v2\/comments?post=33551"}],"wp:featuredmedia":[{"embeddable":true,"href":"https:\/\/domainepourtales.ch\/de\/wp-json\/wp\/v2\/media\/35097"}],"wp:attachment":[{"href":"https:\/\/domainepourtales.ch\/de\/wp-json\/wp\/v2\/media?parent=33551"}],"wp:term":[{"taxonomy":"product_brand","embeddable":true,"href":"https:\/\/domainepourtales.ch\/de\/wp-json\/wp\/v2\/product_brand?post=33551"},{"taxonomy":"product_cat","embeddable":true,"href":"https:\/\/domainepourtales.ch\/de\/wp-json\/wp\/v2\/product_cat?post=33551"},{"taxonomy":"product_tag","embeddable":true,"href":"https:\/\/domainepourtales.ch\/de\/wp-json\/wp\/v2\/product_tag?post=33551"}],"curies":[{"name":"wp","href":"https:\/\/api.w.org\/{rel}","templated":true}]}}